{"id":206,"date":"2022-05-31T14:18:50","date_gmt":"2022-05-31T12:18:50","guid":{"rendered":"https:\/\/terrildumartinet.be\/?page_id=206"},"modified":"2022-06-02T13:55:53","modified_gmt":"2022-06-02T11:55:53","slug":"a-voir-dans-la-region","status":"publish","type":"page","link":"https:\/\/quartierdumartinet.be\/index.php\/tourisme\/a-voir-dans-la-region\/","title":{"rendered":"\u00c0 voir dans la r\u00e9gion"},"content":{"rendered":"\n<p>Une liste de promenades et randonn\u00e9es est <a href=\"https:\/\/www.cm-tourisme.be\/fr\/c\/balades-et-randonnees\" target=\"_blank\" rel=\"noreferrer noopener\">disponible sur le site du tourisme de Charleroi M\u00e9tropole<\/a>.<\/p>\n\n\n\n<hr class=\"wp-block-separator has-alpha-channel-opacity\"\/>\n\n\n\n<h2 class=\"wp-block-heading\">Charleroi<\/h2>\n\n\n\n<ul class=\"wp-block-list\"><li><a href=\"https:\/\/cheminsdesterrils.be\/2016\/08\/02\/la-boucle-noire-du-gr-412\/\" target=\"_blank\" rel=\"noreferrer noopener\">La Boucle Noire<\/a><\/li><\/ul>\n\n\n\n<h2 class=\"wp-block-heading\">Fontaine-l&rsquo;\u00c9v\u00eaque<\/h2>\n\n\n\n<ul class=\"wp-block-list\"><li><a rel=\"noreferrer noopener\" href=\"https:\/\/fr.wikipedia.org\/wiki\/Ch%C3%A2teau_de_Fontaine-l%27%C3%89v%C3%AAque\" target=\"_blank\">Le ch\u00e2teau de Fontaine-l&rsquo;\u00c9v\u00eaque<\/a><\/li><li><a rel=\"noreferrer noopener\" href=\"https:\/\/www.fontaine-leveque.be\/patrimoine-fontaine-eveque.html\" target=\"_blank\">Le gazom\u00e8tre de Pierre Camille Montigny<\/a>.<\/li><li><a rel=\"noreferrer noopener\" href=\"https:\/\/www.villedefontaine.be\/actualites\/musee-de-la-mine\" target=\"_blank\">Mus\u00e9e de la mine<\/a><\/li><\/ul>\n\n\n\n<h2 class=\"wp-block-heading\">Jumet<\/h2>\n\n\n\n<ul class=\"wp-block-list\"><li><a rel=\"noreferrer noopener\" href=\"https:\/\/fr.wikipedia.org\/wiki\/Chapelle_Notre-Dame_de_Heigne\" target=\"_blank\">La chapelle de Jumet Heigne<\/a> (XIIe si\u00e8cle)<\/li><li><a rel=\"noreferrer noopener\" href=\"https:\/\/www.madeleine.be\/\" target=\"_blank\">Le tour de la Madeleine<\/a> (juillet)<\/li><\/ul>\n\n\n\n<h2 class=\"wp-block-heading\">Marchienne-au-Pont<\/h2>\n\n\n\n<ul class=\"wp-block-list\"><li><a rel=\"noreferrer noopener\" href=\"https:\/\/www.charleroi-decouverte.be\/pages\/index.php?id=43\" target=\"_blank\">Le ch\u00e2teau Bilquin de Cartier<\/a><\/li><\/ul>\n\n\n\n<h2 class=\"wp-block-heading\">Marcinelle<\/h2>\n\n\n\n<ul class=\"wp-block-list\"><li><a rel=\"noreferrer noopener\" href=\"https:\/\/www.leboisducazier.be\" target=\"_blank\">Le Bois du Cazier, le mus\u00e9e du verre et de l&rsquo;industrie<\/a><\/li><\/ul>\n\n\n\n<h2 class=\"wp-block-heading\">Monceau-sur-Sambre<\/h2>\n\n\n\n<ul class=\"wp-block-list\"><li><a rel=\"noreferrer noopener\" href=\"https:\/\/fr.wikipedia.org\/wiki\/Ch%C3%A2teau_de_Monceau-sur-Sambre\" target=\"_blank\">Le ch\u00e2teau de Monceau-sur-Sambre<\/a> (XVIIe si\u00e8cle) et le parc Nelson Mandela<\/li><\/ul>\n\n\n\n<h2 class=\"wp-block-heading\">Mont-sur-Marchienne<\/h2>\n\n\n\n<ul class=\"wp-block-list\"><li><a rel=\"noreferrer noopener\" href=\"https:\/\/www.museephoto.be\/\" target=\"_blank\">Le mus\u00e9e de la photographie<\/a><\/li><\/ul>\n\n\n\n<h2 class=\"wp-block-heading\">Trazegnies<\/h2>\n\n\n\n<ul class=\"wp-block-list\"><li><a rel=\"noreferrer noopener\" href=\"http:\/\/www.chateaudetrazegnies.be\/\" target=\"_blank\">Ch\u00e2teau de Trazegnies<\/a> (XIe au XVIIIe si\u00e8cle)<\/li><\/ul>\n","protected":false},"excerpt":{"rendered":"<p>Une liste de promenades et randonn\u00e9es est disponible sur le site du tourisme de Charleroi M\u00e9tropole. Charleroi La Boucle Noire Fontaine-l&rsquo;\u00c9v\u00eaque Le ch\u00e2teau de Fontaine-l&rsquo;\u00c9v\u00eaque Le gazom\u00e8tre de Pierre Camille Montigny. Mus\u00e9e de la mine Jumet La chapelle de Jumet Heigne (XIIe si\u00e8cle) Le tour de la Madeleine (juillet) Marchienne-au-Pont Le ch\u00e2teau Bilquin de Cartier &hellip; <a href=\"https:\/\/quartierdumartinet.be\/index.php\/tourisme\/a-voir-dans-la-region\/\" class=\"more-link\">Continuer la lecture<span class=\"screen-reader-text\"> de &laquo;&nbsp;\u00c0 voir dans la r\u00e9gion&nbsp;&raquo;<\/span><\/a><\/p>\n","protected":false},"author":1,"featured_media":0,"parent":209,"menu_order":3,"comment_status":"closed","ping_status":"closed","template":"","meta":{"footnotes":""},"class_list":["post-206","page","type-page","status-publish","hentry"],"_links":{"self":[{"href":"https:\/\/quartierdumartinet.be\/index.php\/wp-json\/wp\/v2\/pages\/206","targetHints":{"allow":["GET"]}}],"collection":[{"href":"https:\/\/quartierdumartinet.be\/index.php\/wp-json\/wp\/v2\/pages"}],"about":[{"href":"https:\/\/quartierdumartinet.be\/index.php\/wp-json\/wp\/v2\/types\/page"}],"author":[{"embeddable":true,"href":"https:\/\/quartierdumartinet.be\/index.php\/wp-json\/wp\/v2\/users\/1"}],"replies":[{"embeddable":true,"href":"https:\/\/quartierdumartinet.be\/index.php\/wp-json\/wp\/v2\/comments?post=206"}],"version-history":[{"count":4,"href":"https:\/\/quartierdumartinet.be\/index.php\/wp-json\/wp\/v2\/pages\/206\/revisions"}],"predecessor-version":[{"id":220,"href":"https:\/\/quartierdumartinet.be\/index.php\/wp-json\/wp\/v2\/pages\/206\/revisions\/220"}],"up":[{"embeddable":true,"href":"https:\/\/quartierdumartinet.be\/index.php\/wp-json\/wp\/v2\/pages\/209"}],"wp:attachment":[{"href":"https:\/\/quartierdumartinet.be\/index.php\/wp-json\/wp\/v2\/media?parent=206"}],"curies":[{"name":"wp","href":"https:\/\/api.w.org\/{rel}","templated":true}]}}