{"id":448,"date":"2022-06-14T10:45:30","date_gmt":"2022-06-14T08:45:30","guid":{"rendered":"https:\/\/quartierdumartinet.be\/?page_id=448"},"modified":"2026-01-16T22:58:16","modified_gmt":"2026-01-16T21:58:16","slug":"imagine-et-realise","status":"publish","type":"page","link":"https:\/\/quartierdumartinet.be\/index.php\/de-lidee-au-concret\/imagine-et-realise\/","title":{"rendered":"Imagin\u00e9 et r\u00e9alis\u00e9"},"content":{"rendered":"\n<figure class=\"wp-block-pullquote\"><blockquote><p>Une brasserie, une boulangerie, un vignoble, des ruches, plus de 8 hectares r\u00e9serv\u00e9s au phytomanagement, etc. Et, en projet :  nouveau p\u00e2turage avec verger \u00e0 hautes tiges, des espaces mara\u00eechages, un magasin de vente de \u00ab produits locaux \u00bb, une chaufferie biomasse, l&rsquo;implantation de \u00ab Charleroi Nature \u00bb, le d\u00e9veloppement de la brasserie, la mobilit\u00e9 sur le site, etc.<br>Voil\u00e0 succinctement les r\u00e9alisations et les nouveaux projets sur le site du Martinet \u00e0 l&rsquo;aube 2023<\/p><\/blockquote><\/figure>\n\n\n\n<h2 class=\"wp-block-heading\">2019 une ann\u00e9e charni\u00e8re pour le site du Martinet<\/h2>\n\n\n\n<p>Ainsi sous l&rsquo;impulsion du comit\u00e9 de quartier, la ville de Charleroi et son bourgmestre, Paul Magnette en t\u00eate, ont apport\u00e9 les derniers maillons \u00e0 la relance d&rsquo;un vaste projet port\u00e9 par les citoyens depuis plus de 46 ans.<\/p>\n\n\n\n<p>Certes, ce ne sont plus les projets des ann\u00e9es 2000 initi\u00e9s par le comit\u00e9 qui ont pr\u00e9valu (faute de moyens financiers, de la proximit\u00e9 de la d\u00e9charge de Monceau, au manque de suivi du dossier par l&rsquo;administration carolo, \u00e0 la nouvelle strat\u00e9gie de la Ville en mati\u00e8re de densification de l&rsquo;habitat,\u2026) mais de nouveaux projets d&rsquo;initiatives priv\u00e9es avec partenariat de la Ville qui se sont d\u00e9velopp\u00e9s.<\/p>\n\n\n\n<h3 class=\"wp-block-heading\"><strong>Une Brasserie en activit\u00e9 !<\/strong><\/h3>\n\n\n\n<p>Ainsi, \u00ab l&rsquo;ancienne salle des pendus \u00bb (ex vestiaire des mineurs), salle de 1200 m\u00b2 est totalement d\u00e9di\u00e9e \u00e0 l&rsquo;activit\u00e9 brassicole.<\/p>\n\n\n\n<p>C&rsquo;est en effet, \u00ab <strong>Urban brewery <\/strong>\u00bb (<em>ex-Manufacture Urbaine)<\/em>, d\u00e9j\u00e0 install\u00e9e en bordure de Sambre \u00e0 Charleroi qui, pour son expansion, a d\u00e9cid\u00e9 de prendre ses nouveaux quartiers au Martinet en participant activement au projet \u00ab \u00e9co-citoyen \u00bb d\u00e9velopp\u00e9 par le comit\u00e9 de quartier.<\/p>\n\n\n\n<p>Actuellement, la bi\u00e8re produite sur le site de Charleroi est imm\u00e9diatement amen\u00e9e au pied des terrils o\u00f9, durant 2 \u00e0 3 semaines, elle accomplit sa maturation avant la mise en bouteilles ou en tonneaux.<\/p>\n\n\n\n<figure class=\"wp-block-gallery has-nested-images columns-default is-cropped wp-block-gallery-1 is-layout-flex wp-block-gallery-is-layout-flex\">\n<figure class=\"wp-block-image size-large\"><img loading=\"lazy\" decoding=\"async\" width=\"448\" height=\"336\" data-id=\"450\" src=\"https:\/\/quartierdumartinet.be\/wp-content\/uploads\/2022\/06\/travail-embout-comp-web.jpg\" alt=\"\" class=\"wp-image-450\" srcset=\"https:\/\/quartierdumartinet.be\/wp-content\/uploads\/2022\/06\/travail-embout-comp-web.jpg 448w, https:\/\/quartierdumartinet.be\/wp-content\/uploads\/2022\/06\/travail-embout-comp-web-300x225.jpg 300w\" sizes=\"auto, (max-width: 448px) 85vw, 448px\" \/><figcaption class=\"wp-element-caption\">Travail d&#8217;embouteillage<\/figcaption><\/figure>\n\n\n\n<figure class=\"wp-block-image size-large\"><img loading=\"lazy\" decoding=\"async\" width=\"336\" height=\"448\" data-id=\"453\" src=\"https:\/\/quartierdumartinet.be\/wp-content\/uploads\/2022\/06\/install-cuves-comp.jpg\" alt=\"\" class=\"wp-image-453\" srcset=\"https:\/\/quartierdumartinet.be\/wp-content\/uploads\/2022\/06\/install-cuves-comp.jpg 336w, https:\/\/quartierdumartinet.be\/wp-content\/uploads\/2022\/06\/install-cuves-comp-225x300.jpg 225w\" sizes=\"auto, (max-width: 336px) 85vw, 336px\" \/><figcaption class=\"wp-element-caption\">Installation des cuves<\/figcaption><\/figure>\n\n\n\n<figure class=\"wp-block-image size-large\"><img loading=\"lazy\" decoding=\"async\" width=\"1024\" height=\"768\" data-id=\"452\" src=\"https:\/\/quartierdumartinet.be\/wp-content\/uploads\/2022\/06\/embouteillage-comp-web.jpg\" alt=\"\" class=\"wp-image-452\" srcset=\"https:\/\/quartierdumartinet.be\/wp-content\/uploads\/2022\/06\/embouteillage-comp-web.jpg 1024w, https:\/\/quartierdumartinet.be\/wp-content\/uploads\/2022\/06\/embouteillage-comp-web-300x225.jpg 300w, https:\/\/quartierdumartinet.be\/wp-content\/uploads\/2022\/06\/embouteillage-comp-web-768x576.jpg 768w\" sizes=\"auto, (max-width: 709px) 85vw, (max-width: 909px) 67vw, (max-width: 1362px) 62vw, 840px\" \/><figcaption class=\"wp-element-caption\">Embouteillage<\/figcaption><\/figure>\n\n\n\n<figure class=\"wp-block-image size-large\"><img loading=\"lazy\" decoding=\"async\" width=\"275\" height=\"183\" data-id=\"1267\" src=\"https:\/\/quartierdumartinet.be\/wp-content\/uploads\/2025\/05\/bouteilles-UB-1.jpeg\" alt=\"\" class=\"wp-image-1267\"\/><\/figure>\n\n\n\n<figure class=\"wp-block-image size-large\"><img loading=\"lazy\" decoding=\"async\" width=\"448\" height=\"336\" data-id=\"454\" src=\"https:\/\/quartierdumartinet.be\/wp-content\/uploads\/2022\/06\/salle-des-pendus-comp-web.jpg\" alt=\"\" class=\"wp-image-454\" srcset=\"https:\/\/quartierdumartinet.be\/wp-content\/uploads\/2022\/06\/salle-des-pendus-comp-web.jpg 448w, https:\/\/quartierdumartinet.be\/wp-content\/uploads\/2022\/06\/salle-des-pendus-comp-web-300x225.jpg 300w\" sizes=\"auto, (max-width: 448px) 85vw, 448px\" \/><figcaption class=\"wp-element-caption\">Ex-salle des pendus devenue brasserie<\/figcaption><\/figure>\n<\/figure>\n\n\n\n<p class=\"has-text-align-center\"><br> Lien vers Urban Brewery <a href=\"https:\/\/www.u-b.be\/\">https:\/\/www.u-b.be\/<\/a><br><br>\u00c0 terme, en sus de ces op\u00e9rations, la brasserie compte cr\u00e9er sa propre malterie . L&rsquo;accueil d&rsquo;\u00e9v\u00e8nements est aussi dans les pr\u00e9visions de d\u00e9veloppements<\/p>\n\n\n\n<p>La volont\u00e9 de la direction est de devenir un mod\u00e8le d&rsquo;\u00e9conomie collaborative et respectueuse de l&rsquo;environnement en favorisant les circuits courts, en reliant les enjeux \u00e9conomiques, le social et l&#8217;emploi.<\/p>\n\n\n\n<hr class=\"wp-block-separator has-alpha-channel-opacity\"\/>\n\n\n\n<h3 class=\"wp-block-heading has-text-align-left\">LES EPIS SAUVAGES:<br><strong>Une boulangerie aux pratiques ancestrales en totale liaison avec la nature !<\/strong><\/h3>\n\n\n\n<p class=\"has-text-align-center\"><em><strong>Pour cause de faillite (juin 2024) et dans l&rsquo;attente d&rsquo;un repreneur, toutes les activit\u00e9s concernant la boulangerie sont momentan\u00e9ment arr\u00eat\u00e9es.<\/strong><\/em><\/p>\n\n\n\n<figure class=\"wp-block-image size-large\"><img loading=\"lazy\" decoding=\"async\" width=\"1024\" height=\"1024\" src=\"https:\/\/quartierdumartinet.be\/wp-content\/uploads\/2023\/10\/presentation-pain-1-2-1024x1024.jpg\" alt=\"\" class=\"wp-image-790\" srcset=\"https:\/\/quartierdumartinet.be\/wp-content\/uploads\/2023\/10\/presentation-pain-1-2-1024x1024.jpg 1024w, https:\/\/quartierdumartinet.be\/wp-content\/uploads\/2023\/10\/presentation-pain-1-2-300x300.jpg 300w, https:\/\/quartierdumartinet.be\/wp-content\/uploads\/2023\/10\/presentation-pain-1-2-150x150.jpg 150w, https:\/\/quartierdumartinet.be\/wp-content\/uploads\/2023\/10\/presentation-pain-1-2-768x768.jpg 768w, https:\/\/quartierdumartinet.be\/wp-content\/uploads\/2023\/10\/presentation-pain-1-2-1200x1200.jpg 1200w, https:\/\/quartierdumartinet.be\/wp-content\/uploads\/2023\/10\/presentation-pain-1-2.jpg 1440w\" sizes=\"auto, (max-width: 709px) 85vw, (max-width: 909px) 67vw, (max-width: 1362px) 62vw, 840px\" \/><\/figure>\n\n\n\n<p><br><\/p>\n\n\n\n<p><strong>\u00ab&nbsp;Levures Sauvages&nbsp;\u00bb fait place \u00e0 \u00ab&nbsp;\u00c9PIS SAUVAGES \u00bb : une transformation vers l\u2019excellence<\/strong>  <strong>alimentaire.<\/strong><\/p>\n\n\n\n<p>Levures Sauvages, l&rsquo;entreprise pionni\u00e8re dans la cr\u00e9ation d&rsquo;une alimentation de qualit\u00e9 \u00e0 partir de bl\u00e9s de hyper s\u00e9lectionn\u00e9s, annonce aujourd&rsquo;hui un changement de nom majeur pour mieux refl\u00e9ter sa mission, sa croissance et son engagement envers ses clients.<\/p>\n\n\n\n<p class=\"has-text-align-center\">D\u00e9sormais, l\u2019enseigne s&rsquo;appellera \u00ab <strong>\u00c9PIS SAUVAGE<\/strong> \u00bb, marquant une \u00e9tape significative dans son \u00e9volution.<\/p>\n\n\n\n<p>Le changement d&rsquo;identit\u00e9, pour devenir \u00ab \u00c9pis Sauvages \u00bb, d\u00e9coule d&rsquo;une profonde r\u00e9flexion et d&rsquo;une ann\u00e9e de d\u00e9couvertes et d&rsquo;apprentissage. L&rsquo;entreprise reste n\u00e9anmoins fid\u00e8le \u00e0 son ADN de <strong>100% nature <\/strong>\u00e0 partir d\u2019une s\u00e9lection soign\u00e9e de c\u00e9r\u00e9ales et produits de pays.<\/p>\n\n\n\n<p><strong>Un savoir-faire authentique au coeur d\u2019une transformation inchang\u00e9e<\/strong> !<br><strong>Au four et au moulin\u2026<\/strong><\/p>\n\n\n\n<p>De la mouture sur meule de pierre \u00e0 la cuisson au four \u00e0 bois, Epis Sauvages n\u2019a rien chang\u00e9 aux traditions artisanales mises en application depuis le premier jour.&nbsp; C\u2019est avant tout le savoir-faire des boulangers \u00e0 l\u2019oeuvre qui permet la cr\u00e9ation de produits \u00e0 l\u2019identit\u00e9 visuelle singuli\u00e8re, riches en textures et saveurs. <br>Ce savoir-faire et cette authenticit\u00e9 sont d\u2019ailleurs officiellement reconnus depuis la mi-ao\u00fbt 2023 \u2013 <strong>les Epis Sauvages ayant obtenu le label \u00ab Artisan \u00bb octroy\u00e9 par le SPF Economie.<\/strong><\/p>\n\n\n\n<p><strong>Dans le respect de l\u2019Humain et des mati\u00e8res premi\u00e8res.<\/strong><\/p>\n\n\n\n<p>Chez \u00c9pis Sauvages, l&rsquo;authenticit\u00e9 ne se limite pas seulement aux produits, mais englobe \u00e9galement l\u2019engagement envers les femmes &amp; hommes au coeur du projet, mais aussi les mati\u00e8res premi\u00e8res utilis\u00e9es. Des relations \u00e9troites sont entretenues avec nos agriculteurs partenaires, favorisant ainsi une production agricole durable et \u00e9thique. Le respect de la nature est au coeur du processus, depuis la s\u00e9lection des bl\u00e9s jusqu&rsquo;\u00e0 la confection de chaque cr\u00e9ation.<\/p>\n\n\n\n<p>&nbsp;L&rsquo;entreprise produits diverses vari\u00e9t\u00e9s de pain, de baguettes, des viennoiseries, des g\u00e2teaux, des biscuits, des coukies, galettes,\u2026 &nbsp;<\/p>\n\n\n\n<p>Quant au four, il fonctionne exclusivement au bois !<\/p>\n\n\n\n<figure class=\"wp-block-gallery has-nested-images columns-default is-cropped wp-block-gallery-2 is-layout-flex wp-block-gallery-is-layout-flex\">\n<figure class=\"wp-block-image size-large\"><img loading=\"lazy\" decoding=\"async\" width=\"550\" height=\"402\" data-id=\"457\" src=\"https:\/\/quartierdumartinet.be\/wp-content\/uploads\/2022\/06\/croissants.jpg\" alt=\"\" class=\"wp-image-457\" srcset=\"https:\/\/quartierdumartinet.be\/wp-content\/uploads\/2022\/06\/croissants.jpg 550w, https:\/\/quartierdumartinet.be\/wp-content\/uploads\/2022\/06\/croissants-300x219.jpg 300w\" sizes=\"auto, (max-width: 550px) 85vw, 550px\" \/><\/figure>\n\n\n\n<figure class=\"wp-block-image size-large\"><img loading=\"lazy\" decoding=\"async\" width=\"1024\" height=\"681\" data-id=\"811\" src=\"https:\/\/quartierdumartinet.be\/wp-content\/uploads\/2023\/10\/presention-pains-2-2-1024x681.jpg\" alt=\"\" class=\"wp-image-811\" srcset=\"https:\/\/quartierdumartinet.be\/wp-content\/uploads\/2023\/10\/presention-pains-2-2-1024x681.jpg 1024w, https:\/\/quartierdumartinet.be\/wp-content\/uploads\/2023\/10\/presention-pains-2-2-300x199.jpg 300w, https:\/\/quartierdumartinet.be\/wp-content\/uploads\/2023\/10\/presention-pains-2-2-768x510.jpg 768w, https:\/\/quartierdumartinet.be\/wp-content\/uploads\/2023\/10\/presention-pains-2-2-1200x798.jpg 1200w, https:\/\/quartierdumartinet.be\/wp-content\/uploads\/2023\/10\/presention-pains-2-2.jpg 1440w\" sizes=\"auto, (max-width: 709px) 85vw, (max-width: 909px) 67vw, (max-width: 1362px) 62vw, 840px\" \/><\/figure>\n\n\n\n<figure class=\"wp-block-image size-large\"><img loading=\"lazy\" decoding=\"async\" width=\"460\" height=\"460\" data-id=\"459\" src=\"https:\/\/quartierdumartinet.be\/wp-content\/uploads\/2022\/06\/ensemble-biscuits.jpg\" alt=\"\" class=\"wp-image-459\" srcset=\"https:\/\/quartierdumartinet.be\/wp-content\/uploads\/2022\/06\/ensemble-biscuits.jpg 460w, https:\/\/quartierdumartinet.be\/wp-content\/uploads\/2022\/06\/ensemble-biscuits-300x300.jpg 300w, https:\/\/quartierdumartinet.be\/wp-content\/uploads\/2022\/06\/ensemble-biscuits-150x150.jpg 150w\" sizes=\"auto, (max-width: 460px) 85vw, 460px\" \/><\/figure>\n\n\n\n<figure class=\"wp-block-image size-large\"><img loading=\"lazy\" decoding=\"async\" width=\"1024\" height=\"1024\" data-id=\"810\" src=\"https:\/\/quartierdumartinet.be\/wp-content\/uploads\/2023\/10\/defournement-2-2-1024x1024.jpg\" alt=\"\" class=\"wp-image-810\" srcset=\"https:\/\/quartierdumartinet.be\/wp-content\/uploads\/2023\/10\/defournement-2-2-1024x1024.jpg 1024w, https:\/\/quartierdumartinet.be\/wp-content\/uploads\/2023\/10\/defournement-2-2-300x300.jpg 300w, https:\/\/quartierdumartinet.be\/wp-content\/uploads\/2023\/10\/defournement-2-2-150x150.jpg 150w, https:\/\/quartierdumartinet.be\/wp-content\/uploads\/2023\/10\/defournement-2-2-768x768.jpg 768w, https:\/\/quartierdumartinet.be\/wp-content\/uploads\/2023\/10\/defournement-2-2-1200x1200.jpg 1200w, https:\/\/quartierdumartinet.be\/wp-content\/uploads\/2023\/10\/defournement-2-2.jpg 1440w\" sizes=\"auto, (max-width: 709px) 85vw, (max-width: 909px) 67vw, (max-width: 1362px) 62vw, 840px\" \/><\/figure>\n\n\n\n<figure class=\"wp-block-image size-large\"><img loading=\"lazy\" decoding=\"async\" width=\"259\" height=\"194\" data-id=\"458\" src=\"https:\/\/quartierdumartinet.be\/wp-content\/uploads\/2022\/06\/pain-baguette.jpg\" alt=\"\" class=\"wp-image-458\"\/><\/figure>\n\n\n\n<figure class=\"wp-block-image size-large\"><img loading=\"lazy\" decoding=\"async\" width=\"819\" height=\"1024\" data-id=\"805\" src=\"https:\/\/quartierdumartinet.be\/wp-content\/uploads\/2023\/10\/gateau-pommes-819x1024.jpg\" alt=\"\" class=\"wp-image-805\" srcset=\"https:\/\/quartierdumartinet.be\/wp-content\/uploads\/2023\/10\/gateau-pommes-819x1024.jpg 819w, https:\/\/quartierdumartinet.be\/wp-content\/uploads\/2023\/10\/gateau-pommes-240x300.jpg 240w, https:\/\/quartierdumartinet.be\/wp-content\/uploads\/2023\/10\/gateau-pommes-768x960.jpg 768w, https:\/\/quartierdumartinet.be\/wp-content\/uploads\/2023\/10\/gateau-pommes-1229x1536.jpg 1229w, https:\/\/quartierdumartinet.be\/wp-content\/uploads\/2023\/10\/gateau-pommes-1200x1500.jpg 1200w, https:\/\/quartierdumartinet.be\/wp-content\/uploads\/2023\/10\/gateau-pommes.jpg 1440w\" sizes=\"auto, (max-width: 819px) 85vw, 819px\" \/><\/figure>\n\n\n\n<figure class=\"wp-block-image size-large is-style-rounded\"><img loading=\"lazy\" decoding=\"async\" width=\"819\" height=\"1024\" data-id=\"813\" src=\"https:\/\/quartierdumartinet.be\/wp-content\/uploads\/2023\/10\/pain-couronne-819x1024.jpg\" alt=\"\" class=\"wp-image-813\" srcset=\"https:\/\/quartierdumartinet.be\/wp-content\/uploads\/2023\/10\/pain-couronne-819x1024.jpg 819w, https:\/\/quartierdumartinet.be\/wp-content\/uploads\/2023\/10\/pain-couronne-240x300.jpg 240w, https:\/\/quartierdumartinet.be\/wp-content\/uploads\/2023\/10\/pain-couronne-768x960.jpg 768w, https:\/\/quartierdumartinet.be\/wp-content\/uploads\/2023\/10\/pain-couronne-1229x1536.jpg 1229w, https:\/\/quartierdumartinet.be\/wp-content\/uploads\/2023\/10\/pain-couronne-1200x1500.jpg 1200w, https:\/\/quartierdumartinet.be\/wp-content\/uploads\/2023\/10\/pain-couronne.jpg 1440w\" sizes=\"auto, (max-width: 819px) 85vw, 819px\" \/><\/figure>\n<\/figure>\n\n\n\n<p><\/p>\n\n\n\n<p><\/p>\n\n\n\n<h2 class=\"wp-block-heading\">Le vignoble du Martinet       <\/h2>\n\n\n\n<p>Ce projet est \u00e0 l&rsquo;initiative de l&rsquo;ASBL Vins et Gourmandises de Wallonie dont un des objectifs est de cr\u00e9er un vignoble didactique \u00e0 destination de tous mais plus sp\u00e9cifiquement en direction des \u00e9coles et autres vignerons en herbe.<\/p>\n\n\n\n<p>La parcelle viticole s&rsquo;\u00e9tend sur 26 ares et comprend en sus une aire r\u00e9serv\u00e9e \u00e0 la plantation de pommiers et poiriers aux vari\u00e9t\u00e9s rustiques.<\/p>\n\n\n\n<figure class=\"wp-block-gallery has-nested-images columns-default is-cropped wp-block-gallery-3 is-layout-flex wp-block-gallery-is-layout-flex\">\n<figure class=\"wp-block-image size-large\"><img loading=\"lazy\" decoding=\"async\" width=\"506\" height=\"683\" data-id=\"462\" src=\"https:\/\/quartierdumartinet.be\/wp-content\/uploads\/2022\/06\/hotel-insectes.jpg\" alt=\"\" class=\"wp-image-462\" srcset=\"https:\/\/quartierdumartinet.be\/wp-content\/uploads\/2022\/06\/hotel-insectes.jpg 506w, https:\/\/quartierdumartinet.be\/wp-content\/uploads\/2022\/06\/hotel-insectes-222x300.jpg 222w\" sizes=\"auto, (max-width: 506px) 85vw, 506px\" \/><figcaption class=\"wp-element-caption\">H\u00f4tel \u00e0 insectes<\/figcaption><\/figure>\n\n\n\n<figure class=\"wp-block-image size-large\"><img loading=\"lazy\" decoding=\"async\" width=\"960\" height=\"640\" data-id=\"463\" src=\"https:\/\/quartierdumartinet.be\/wp-content\/uploads\/2022\/06\/jeunes-vignes.jpg\" alt=\"\" class=\"wp-image-463\" srcset=\"https:\/\/quartierdumartinet.be\/wp-content\/uploads\/2022\/06\/jeunes-vignes.jpg 960w, https:\/\/quartierdumartinet.be\/wp-content\/uploads\/2022\/06\/jeunes-vignes-300x200.jpg 300w, https:\/\/quartierdumartinet.be\/wp-content\/uploads\/2022\/06\/jeunes-vignes-768x512.jpg 768w\" sizes=\"auto, (max-width: 709px) 85vw, (max-width: 909px) 67vw, (max-width: 1362px) 62vw, 840px\" \/><figcaption class=\"wp-element-caption\">Les vignes, \u00e0 leur d\u00e9but<\/figcaption><\/figure>\n<\/figure>\n\n\n\n<p><\/p>\n\n\n\n<p>Plant\u00e9s d\u00e9but 2019, les <strong>400 pieds de vigne <\/strong>ont atteint leur maturit\u00e9 en 2022 o\u00f9,  d\u00e8s septembre on commen\u00e7ait  les premi\u00e8res vendanges. Toutes les op\u00e9rations de vinification et la mise en bouteille termin\u00e9es, on pourrait d\u00e9gustera le vin jeune en 2023.<\/p>\n\n\n\n<p>Les 3 c\u00e9pages produiront essentiellement du vin blanc.<\/p>\n\n\n\n<p>La plantation comprend :<\/p>\n\n\n\n<ul class=\"wp-block-list\">\n<li>150 pieds de Souvignier Gris<\/li>\n\n\n\n<li>150 pieds de Muscaris<\/li>\n\n\n\n<li>100 pieds de Johanniter<br><br><em><strong>Pour info:<\/strong> Les secondes vendanges se sont achev\u00e9es ce 11 octobre 2023. Selon les vignerons, vu les conditions climatiques favorables du printemps  jusqu&rsquo;aux vendanges, la qualit\u00e9 des raisins est telle que la cuv\u00e9e 2023 devrait \u00eatre un bon cru ! <\/em><\/li>\n\n\n\n<li>vu les gels printaniers en 2024, une tr\u00e8s faible quantit\u00e9 de raisins a pu \u00eatre r\u00e9colt\u00e9e et une production r\u00e9duite \u00e0 une soixantaine de bouteilles.<\/li>\n<\/ul>\n\n\n\n<p>Un <strong>h\u00f4tel \u00e0 insectes <\/strong>est aussi install\u00e9 aux abords imm\u00e9diats du vignoble.<\/p>\n\n\n\n<p>En cr\u00e9ant un environnement favorable aux abeilles et autres insectes, la pollinisation des plantes et des arbres fruitiers permettra de garantir la qualit\u00e9 et la quantit\u00e9 de fruits sur les arbres environnants. Tout profit pour la biodiversit\u00e9 !<br><\/p>\n\n\n\n<p style=\"text-transform:lowercase\"><a href=\"HTTP:\/\/vignobledumartinet.be\">http:\/\/vignobledumartinet.be<\/a><\/p>\n\n\n\n<hr class=\"wp-block-separator has-alpha-channel-opacity\"\/>\n\n\n\n<h3 class=\"wp-block-heading\"><strong>Les ruches et le miel du Martinet<\/strong><\/h3>\n\n\n\n<p>S&rsquo;inscrivant dans le cadre du d\u00e9veloppement durable et de la production locale, th\u00e8me cher au comit\u00e9 de d\u00e9fense du quartier, en qualit\u00e9 de voisin du site,un apiculteur a install\u00e9 quelques ruches au pied des terrils. .Ce sont donc sur les 52 hectares du site du Martinet et de sa vaste biodiversit\u00e9, m\u00eame bien au-del\u00e0 que les abeilles peuvent butiner le nectar des floraisons printani\u00e8res et d&rsquo;\u00e9t\u00e9.<\/p>\n\n\n\n<p>Ainsi, selon notre apiculteur, les premi\u00e8res r\u00e9coltes de \u00ab miel de printemps et d&rsquo;\u00e9t\u00e9 \u00bb sont de tr\u00e8s bonne qualit\u00e9<br><\/p>\n\n\n<div class=\"wp-block-image\">\n<figure class=\"alignleft size-full\"><img loading=\"lazy\" decoding=\"async\" width=\"248\" height=\"331\" src=\"https:\/\/quartierdumartinet.be\/wp-content\/uploads\/2022\/06\/pot-miel2.jpg\" alt=\"\" class=\"wp-image-464\" srcset=\"https:\/\/quartierdumartinet.be\/wp-content\/uploads\/2022\/06\/pot-miel2.jpg 248w, https:\/\/quartierdumartinet.be\/wp-content\/uploads\/2022\/06\/pot-miel2-225x300.jpg 225w\" sizes=\"auto, (max-width: 248px) 85vw, 248px\" \/><figcaption class=\"wp-element-caption\">Miel de printemps ou d&rsquo;\u00e9t\u00e9 <\/figcaption><\/figure>\n<\/div>\n\n\n<p>Le miel des abeilles du Martinet &#8211; 100% miel &#8211; 100% naturel, sans aucune transformation, ajout ou m\u00e9lange.<\/p>\n\n\n\n<p>R\u00e9colt\u00e9 au rucher du Martinet qui offre une flore abondante et pr\u00e9serv\u00e9e, le miel des abeilles du Martinet se d\u00e9cline en deux types de miel : le miel de printemps et le miel d&rsquo;\u00e9t\u00e9.<\/p>\n\n\n\n<p>Le miel de printemps, r\u00e9colt\u00e9 \u00e0 la fin du mois de mai, est compos\u00e9 du nectar des fleurs printani\u00e8res : merisier, robinier, pissenlit, aub\u00e9pine, cornouiller sanguin, framboisiers, fruitiers, \u00e9rables, colza, etc.<\/p>\n\n\n\n<p>Il est liquide juste apr\u00e8s la r\u00e9colte et cristallise assez rapidement (quelques semaines \u00e0 quelques mois).<\/p>\n\n\n\n<p>Le miel d&rsquo;\u00e9t\u00e9, r\u00e9colt\u00e9 \u00e0 la fin du mois de juillet, est compos\u00e9 du nectar des fleurs estivales : ch\u00e2taignier, tr\u00e8fle blanc, ronces, tilleuls, ch\u00e8vrefeuille, thym, luzerne, \u00e9pilobe, moutarde, bourrache,\u2026<br>Il est liquide juste apr\u00e8s la r\u00e9colte et cristallise moins rapidement que le miel de printemps (plusieurs mois).<\/p>\n\n\n\n<p>Toute une s\u00e9rie d&rsquo;autres plantes d&rsquo;int\u00e9r\u00eats apicole de nos r\u00e9gions est list\u00e9e ici : <a href=\"http:\/\/www.cthgx.be\/plantes-melliferes-abeilles.pdf\" target=\"_blank\" rel=\"noreferrer noopener\">http:\/\/www.cthgx.be\/plantes-melliferes-abeilles.pdf<\/a>.<\/p>\n\n\n\n<p>Les esp\u00e8ces florales butin\u00e9es, principalement dans un rayon allant de 500m \u00e0 1500m, d\u00e9pendent des conditions climatiques, et sont donc variables d&rsquo;une ann\u00e9e \u00e0 l&rsquo;autre ce qui influence tant les propri\u00e9t\u00e9s organoleptiques du miel que sa conservation (cristallisation plus ou moins rapide, fine ou \u00e0 gros grains).<\/p>\n\n\n\n<p>La cristallisation du miel est un processus naturel mais les conditions de conservation jouent \u00e9galement un r\u00f4le important : le miel se conserve en dessous de 20\u00b0, \u00e0 l&rsquo;abri de la lumi\u00e8re et au sec. M\u00eame si une cristallisation intervient, le miel peut \u00eatre rendu \u00e0 nouveau liquide en le passant au bain marie \u00e0 maximum 35\u00b0\/40\u00b0.<\/p>\n\n\n\n<p>Le pot de 500 gr est en vente au prix de 9,50 euros.<\/p>\n\n\n\n<p><strong>Commandes, achats, contacter <\/strong>:<\/p>\n\n\n\n<ul class=\"wp-block-list\">\n<li>Pour le Comit\u00e9 du Martinet : Pierre Vandevorden, rue Limelette, 49 &#8211; t\u00e9l. 0478\/47.29.84, <a href=\"mailto:pierre_vdv1@hotmail.com\">pierre_vdv1@hotmail.com<\/a> ou Jacques Coupez, rue de Marchiennes 36,  t\u00e9l. 0472\/27.73.49, <a href=\"mailto:jacques.coupez@skynet.be\">jacques.coupez@skynet.be<\/a>.<\/li>\n\n\n\n<li>Pour l\u2019ASBL du Vignoble : <a href=\"mailto:info@vignobledumartinet.be\">info@vignobledumartinet.be<\/a>, t\u00e9l. 0473\/799.265.<\/li>\n<\/ul>\n\n\n\n<p>Contact apiculteur:   Christophe Dandoy   <a href=\"mailto:christophe6042@yahoo.fr\">christophe6042@yahoo.fr<\/a><\/p>\n\n\n\n<hr class=\"wp-block-separator has-alpha-channel-opacity\"\/>\n\n\n\n<h3 class=\"wp-block-heading\">Projet de Phytomanagement sur la plaine TLC<\/h3>\n\n\n\n<p>Certains sites ou friches restent non valoris\u00e9s du fait notamment de la pr\u00e9sence d\u2019une pollution des sols, m\u00eame mod\u00e9r\u00e9e. C&rsquo;est le cas au Martinet avec la pollution qui r\u00e9sulte de plus de 200 ans d&rsquo;exploitation industrielle du charbon<\/p>\n\n\n\n<p>Qu&rsquo;est-ce que le phytomanagement ?<\/p>\n\n\n\n<p>Le phytomanagement est un mode de gestion qui consiste \u00e0 la mise en \u0153uvre<br>d\u2019un ensemble de techniques, appel\u00e9es phytotechnologies, qui utilisent in situ des esp\u00e8ces v\u00e9g\u00e9tales pour contenir, extraire ou d\u00e9grader des polluants inorganiques ou organiques pr\u00e9sents dans le sol.<\/p>\n\n\n\n<p>Au Martinet les scientifiques ont plant\u00e9 des pousses des saules qui apr\u00e8s 3 ann\u00e9es ont montr\u00e9 une r\u00e9duction de pollution sur la zone plant\u00e9e.<br>En mai 2021, pour une phase de test, ce sont diverses esp\u00e8ces de miscanthus qui ont \u00e9t\u00e9 mis en place.<\/p>\n\n\n\n<figure class=\"wp-block-image size-full is-resized\"><img loading=\"lazy\" decoding=\"async\" width=\"300\" height=\"168\" src=\"https:\/\/quartierdumartinet.be\/wp-content\/uploads\/2022\/06\/miscanthus.jpg\" alt=\"\" class=\"wp-image-465\" style=\"width:366px;height:205px\"\/><figcaption class=\"wp-element-caption\">miscanthus<\/figcaption><\/figure>\n\n\n\n<p>Une convention avec la Ville de Charleroi octroie aux op\u00e9rateurs (voir ci dessous) une surface de 8 Ha.<\/p>\n\n\n\n<p>Outre l&rsquo;aspect d\u00e9pollution des sols, lorsque les v\u00e9g\u00e9taux seront matures, il seront coup\u00e9s. Une partie des v\u00e9g\u00e9taux pourraient \u00eatre convertie en pellets ou encore le tout broy\u00e9 afin de servir pour la biomasse.<\/p>\n\n\n\n<p>L&rsquo;id\u00e9e est ici aussi de produire de l&rsquo;\u00e9nergie (chaleur utilisable directement &#8211; chaufferie biomasse &#8211; ou de produire du gaz qui, \u00e9ventuellement, pourrait aussi entra\u00eener un alternateur et produire de l&rsquo;\u00e9lectricit\u00e9).<\/p>\n\n\n\n<p>Tout cela s&rsquo;inscrit dans le cadre du d\u00e9veloppement durable, dans la lutte contre la production de CO2 et la diminution de consommation des \u00e9nergies fossiles au profit des \u00e9nergies renouvelables. Les op\u00e9rateurs sont :<\/p>\n\n\n\n<ul class=\"wp-block-list\">\n<li><a rel=\"noreferrer noopener\" href=\"https:\/\/www.valbiom.be\/\" target=\"_blank\">Valbiom<\/a>, pour la valorisation de la biomasse<\/li>\n\n\n\n<li><a rel=\"noreferrer noopener\" href=\"https:\/\/lesmarneurs.cargo.site\/Terril-du-Martinet\" target=\"_blank\">Les Marneurs<\/a>, agence d&rsquo;architecture, de paysage et d&rsquo;urbanisme<\/li>\n\n\n\n<li><a rel=\"noreferrer noopener\" href=\"https:\/\/www.cra.wallonie.be\/fr\" target=\"_blank\">Le centre wallon de recherches agronomiques<\/a><\/li>\n\n\n\n<li>L&rsquo;entreprise <a rel=\"noreferrer noopener\" href=\"https:\/\/trendstop.levif.be\/fr\/detail\/567990527\/bevert.aspx\" target=\"_blank\">BeVert<\/a><\/li>\n<\/ul>\n\n\n\n<p>Contacter les responsables du projet :  <a href=\"contact@lesmarneurs.fr\" data-type=\"URL\" data-id=\"contact@lesmarneurs.fr\"> contact@lesmarneurs.fr<\/a><\/p>\n\n\n\n<h4 class=\"wp-block-heading\">Documentation<\/h4>\n\n\n\n<ul class=\"wp-block-list\">\n<li>Documentation sur le projet phytomanagement au Martinet :<br><a rel=\"noreferrer noopener\" href=\"https:\/\/www.newcland.eu\/fr\/actualites\/charleroi-le-projet-de-plantation-se-dessine-sur-le-martinet-decouverte-du-laureat-de-lappel-a-idees\/\" target=\"_blank\">https:\/\/www.newcland.eu\/fr\/actualites\/charleroi-le-projet-de-plantation-se-dessine-sur-le-martinet-decouverte-du-laureat-de-lappel-a-idees\/<\/a><\/li>\n\n\n\n<li>Le phytomanagement en wallonie : (voir pages 56 \u00e0 66 pour le Martinet)<br><a rel=\"noreferrer noopener\" href=\"https:\/\/www.fedexsol.be\/wp-content\/uploads\/2018\/07\/valbiom-siterem-le-phytomanagement-en-wallonie.pdf\" target=\"_blank\">https:\/\/www.fedexsol.be\/wp-content\/uploads\/2018\/07\/valbiom-siterem-le-phytomanagement-en-wallonie.pdf<\/a><\/li>\n\n\n\n<li>Le miscanthus pour revaloriser les sols pollu\u00e9s :<br><a rel=\"noreferrer noopener\" href=\"https:\/\/dailyscience.be\/17\/11\/2020\/des-vegetaux-pour-revaloriser-les-sols-pollues\/?print-posts=print\" target=\"_blank\">https:\/\/dailyscience.be\/17\/11\/2020\/des-vegetaux-pour-revaloriser-les-sols-pollues\/?print-posts=print<\/a><\/li>\n\n\n\n<li>Le miscanthus : <a href=\"http:\/\/www.valbiom.be\/files\/library\/Docs\/Miscanthus\/fiche-miscanthus-2013-(2).pdf\" target=\"_blank\" rel=\"noreferrer noopener\">http:\/\/www.valbiom.be\/files\/library\/Docs\/Miscanthus\/fiche-miscanthus-2013-(2).pdf<\/a><\/li>\n<\/ul>\n\n\n\n<p><\/p>\n","protected":false},"excerpt":{"rendered":"<p>Une brasserie, une boulangerie, un vignoble, des ruches, plus de 8 hectares r\u00e9serv\u00e9s au phytomanagement, etc. Et, en projet : nouveau p\u00e2turage avec verger \u00e0 hautes tiges, des espaces mara\u00eechages, un magasin de vente de \u00ab produits locaux \u00bb, une chaufferie biomasse, l&rsquo;implantation de \u00ab Charleroi Nature \u00bb, le d\u00e9veloppement de la brasserie, la mobilit\u00e9 &hellip; <a href=\"https:\/\/quartierdumartinet.be\/index.php\/de-lidee-au-concret\/imagine-et-realise\/\" class=\"more-link\">Continuer la lecture<span class=\"screen-reader-text\"> de &laquo;&nbsp;Imagin\u00e9 et r\u00e9alis\u00e9&nbsp;&raquo;<\/span><\/a><\/p>\n","protected":false},"author":1,"featured_media":0,"parent":437,"menu_order":2,"comment_status":"closed","ping_status":"closed","template":"","meta":{"footnotes":""},"class_list":["post-448","page","type-page","status-publish","hentry"],"_links":{"self":[{"href":"https:\/\/quartierdumartinet.be\/index.php\/wp-json\/wp\/v2\/pages\/448","targetHints":{"allow":["GET"]}}],"collection":[{"href":"https:\/\/quartierdumartinet.be\/index.php\/wp-json\/wp\/v2\/pages"}],"about":[{"href":"https:\/\/quartierdumartinet.be\/index.php\/wp-json\/wp\/v2\/types\/page"}],"author":[{"embeddable":true,"href":"https:\/\/quartierdumartinet.be\/index.php\/wp-json\/wp\/v2\/users\/1"}],"replies":[{"embeddable":true,"href":"https:\/\/quartierdumartinet.be\/index.php\/wp-json\/wp\/v2\/comments?post=448"}],"version-history":[{"count":40,"href":"https:\/\/quartierdumartinet.be\/index.php\/wp-json\/wp\/v2\/pages\/448\/revisions"}],"predecessor-version":[{"id":1836,"href":"https:\/\/quartierdumartinet.be\/index.php\/wp-json\/wp\/v2\/pages\/448\/revisions\/1836"}],"up":[{"embeddable":true,"href":"https:\/\/quartierdumartinet.be\/index.php\/wp-json\/wp\/v2\/pages\/437"}],"wp:attachment":[{"href":"https:\/\/quartierdumartinet.be\/index.php\/wp-json\/wp\/v2\/media?parent=448"}],"curies":[{"name":"wp","href":"https:\/\/api.w.org\/{rel}","templated":true}]}}